{"id":3520,"date":"2019-03-12T15:57:04","date_gmt":"2019-03-12T13:57:04","guid":{"rendered":"http:\/\/www.anastasiasgarden.gr\/?page_id=3520"},"modified":"2024-01-07T18:07:55","modified_gmt":"2024-01-07T16:07:55","slug":"la-pensione","status":"publish","type":"page","link":"https:\/\/www.anastasiasgarden.gr\/it\/la-pensione\/","title":{"rendered":"La pensione"},"content":{"rendered":"[vc_row full_width=&#8221;stretch_row&#8221; equal_height_columns=&#8221;no&#8221; css=&#8221;.vc_custom_1455828471106{padding-top: 7% !important;padding-bottom: 7% !important;}&#8221;][vc_column width=&#8221;1\/2&#8243; css=&#8221;.vc_custom_1439194190582{background-color: #ffffff !important;}&#8221;]<h2 class=\"calluna-heading calluna-heading-single-line text-align-left \" ><span>Benvenuti<\/span><\/h2>[vc_column_text el_class=&#8221;separator&#8221;]\n<p class=\"p1\"><span class=\"s1\">Fatta secondo l\u2019architettura dell\u2019isola e con vista panoramica, Anastasia\u2019s Garden \u00e8 costruita su un posto a forma di anfiteatro, uno dei posti pi\u00f9 pittoreschi dell\u2019isola, vicino alla spiaggia Stegna, con mare limpido e sabbia splendida. In un luogo tranquillo e pieno di verde, nel centro di Stegna, pieno di ibischi, bougainville e alberi da fruto, appena 60 metri dal mare, il complesso Anastasia\u2019s Garden dispone di camere confortevoli, studio e appartamenti, disegnati basandosi su un gusto sofisticato e sulla funzionalit\u00e0 di ogni spazio!<\/span><\/p>\n<p class=\"p1\"><span class=\"s1\">Ogni camera d\u00e0 la sensazione di essere stata disegnata cos\u00ec da rendere assolutamente necessarie tutte le comodit\u00e0 di cui si ha bisogno nelle vacanze. <\/span><\/p>\n<p class=\"p1\"><span class=\"s1\">Tutte le camere del complesso trasportano in altre epoche e vi fanno sentire a casa. <\/span><\/p>\n<p class=\"p1\"><span class=\"s1\">Nel cortile interno del complesso si pu\u00f2 vedere il pittoresco angolo cottura, dove il passato si unisce con il presente negli utensili e nelle immagini che portano ad altri tempi. Qui, uno si pu\u00f2 preparare e godersi il caf\u00e9 della mattina. Accanto c\u2019\u00e8 l\u2019angolo barbeque che vi cattura a prima vista. Divanetti costruitti con dei copridivani fatti a mano e grandi cuscini che sono pronti ad abbracciarvi e farvi rilassare dopo un pasto sostanzioso che avete appena condiviso con gli amici. <\/span><\/p>\n<p class=\"p1\"><span class=\"s1\">Tutti gli spazi hanno uno stile diverso e speciale, pronti ad accogliere gli ospiti che cercano comodit\u00e0, tranquillit\u00e0 e un ambiente amichevole. <\/span><\/p>\n<p class=\"p1\"><span class=\"s1\">Infine, l\u2019ospitalit\u00e0 unica della proprietaria, la Sig.ra Tsampika Oikouta, garantisce delle vacanze uniche ed indimenticabili. <\/span><\/p>\n[\/vc_column_text][\/vc_column][vc_column width=&#8221;1\/2&#8243;][vc_single_image image=&#8221;4718&#8243;][vc_single_image image=&#8221;4713&#8243;][vc_single_image image=&#8221;4328&#8243;][\/vc_column][\/vc_row][vc_row full_width=&#8221;stretch_row&#8221; equal_height_columns=&#8221;no&#8221; css=&#8221;.vc_custom_1455828471106{padding-top: 7% !important;padding-bottom: 7% !important;}&#8221;][vc_column width=&#8221;1\/2&#8243; css=&#8221;.vc_custom_1439194190582{background-color: #ffffff !important;}&#8221;][vc_single_image image=&#8221;3302&#8243;][\/vc_column][vc_column width=&#8221;1\/2&#8243;]<h2 class=\"calluna-heading calluna-heading-single-line text-align-left \" ><span>Luogo<\/span><\/h2>[vc_column_text el_class=&#8221;separator&#8221;]\n<p class=\"p1\"><span class=\"s1\">La spiaggia Stegna si trova esattamente nel centro dell\u2019isola ad appena 1,5 km dal paese Archaggelos, 26km dalla citt\u00e0 di Rodi, 35km dall\u2019aeroporto e solo 20km dalla bellissima Lindos. <\/span><\/p>\n<p class=\"p1\"><span class=\"s1\">Circondata da montagne, la spiaggia Stegna \u00e8 una destinazione ideale per chi cerca tranquillit\u00e0, lontano da posti pi\u00f9 frequentati. <\/span><\/p>\n<p class=\"p1\"><span class=\"s1\">\u00c8 pienamente organizzata, con supermarket, sedie a sdraio, ombrelloni e sport acquatici. <\/span><\/p>\n<p class=\"p1\"><span class=\"s1\">Il mare limpido con la sabbia splendida, i ristorantini pittoreschi, l\u2019autenticit\u00e0 unica e il calore degli abitanti rendono Stegna un polo d\u2019attrazione per visitanti da tutte le parti del mondo. <\/span><\/p>\n[\/vc_column_text][\/vc_column][\/vc_row][vc_row full_width=&#8221;stretch_row_content&#8221; css=&#8221;.vc_custom_1551443843156{background-color: #194c71 !important;background-position: center !important;background-repeat: no-repeat !important;background-size: cover !important;}&#8221;][vc_column width=&#8221;1\/6&#8243;][\/vc_column][vc_column width=&#8221;2\/3&#8243; style=&#8221;column-style-1&#8243; css=&#8221;.vc_custom_1551443996736{padding-top: 8% !important;padding-bottom: 9% !important;}&#8221;]<h2 class=\"calluna-heading calluna-heading-single-line text-align-center \" style=\"color: #e4d292;\"><span>Attivit\u00e0<\/span><\/h2>[vc_column_text css_animation=&#8221;top-to-bottom&#8221; css=&#8221;.vc_custom_1552399690296{padding-bottom: 50px !important;}&#8221;]\n<p class=\"p1\" style=\"text-align: center;\"><span class=\"s1\">La zona \u00e8 idonea per nuotare, camminare, fare jogging in riva al mare e pescare. Mettendosi d\u2019accordo con la proprietaria potrete scoprire le spiaggie pi\u00f9 belle e nascoste dell\u2019isola. Noleggiando una moto o una macchina potrete fare il giro dell\u2019isola godendovi i bei percorsi e passare da paesini tradizionali e boschi verdi. <\/span><\/p>\n[\/vc_column_text]<h3 class=\"calluna-heading calluna-heading-single-line text-align-center \" style=\"color: #e4d292;\"><span>Gastronom\u00eda - Cibo<\/span><\/h3>[vc_column_text css_animation=&#8221;top-to-bottom&#8221;]\n<p class=\"p1\" style=\"text-align: center;\"><span class=\"s1\">A appena 3 minuti dalla pensione si trovano i ristorantini di pesce pi\u00f9 famosi della zona che hanno pesce fresco preso dai pescatori del posto. <\/span><\/p>\n<p class=\"p1\" style=\"text-align: center;\"><span class=\"s1\">Potrete gustare l\u2019ouzo o il vino accanto alle onde del mare, assaggiando anche aperitivi e specialit\u00e0 del posto fatte con prodotti locali.<\/span><\/p>\n[\/vc_column_text][\/vc_column][vc_column width=&#8221;1\/6&#8243;][\/vc_column][\/vc_row][vc_row full_width=&#8221;stretch_row_content&#8221; equal_height=&#8221;yes&#8221; content_placement=&#8221;middle&#8221; ts_row_screen_height=&#8221;false&#8221; ts_row_screen_offset=&#8221;0&#8243; ts_row_min_height=&#8221;100&#8243; ts_row_break_parents=&#8221;0&#8243; ts_row_zindex=&#8221;0&#8243; ts_row_bg_source=&#8221;full&#8221; ts_row_bg_position=&#8221;center&#8221; ts_row_bg_size_standard=&#8221;cover&#8221; ts_row_bg_size_parallax=&#8221;cover&#8221; ts_row_bg_repeat=&#8221;no-repeat&#8221; ts_row_parallax_type=&#8221;up&#8221; ts_row_bg_alignment_v=&#8221;center&#8221; ts_row_bg_alignment_h=&#8221;center&#8221; ts_row_parallax_speed=&#8221;20&#8243; ts_row_automove_speed=&#8221;75&#8243; ts_row_automove_scroll=&#8221;true&#8221; ts_row_automove_align=&#8221;horizontal&#8221; ts_row_automove_path_h=&#8221;leftright&#8221; ts_row_automove_path_v=&#8221;topbottom&#8221; ts_row_movement_x_allow=&#8221;true&#8221; ts_row_movement_x_ratio=&#8221;10&#8243; ts_row_movement_y_allow=&#8221;true&#8221; ts_row_movement_y_ratio=&#8221;10&#8243; ts_row_movement_content=&#8221;true&#8221; padding_top=&#8221;30&#8243; padding_bottom=&#8221;30&#8243; margin_left=&#8221;0&#8243; margin_right=&#8221;0&#8243; single_color=&#8221;#ffffff&#8221; gradient_angle=&#8221;0&#8243; gradient_color_start=&#8221;#cccccc&#8221; gradient_start_offset=&#8221;0&#8243; gradient_color_end=&#8221;#cccccc&#8221; gradient_end_offset=&#8221;100&#8243; video_mute=&#8221;true&#8221; video_loop=&#8221;false&#8221; video_remove=&#8221;false&#8221; video_start=&#8221;false&#8221; video_stop=&#8221;true&#8221; video_controls=&#8221;true&#8221; video_raster=&#8221;false&#8221; svg_top_on=&#8221;false&#8221; svg_top_style=&#8221;1&#8243; svg_top_height=&#8221;100&#8243; svg_top_flip=&#8221;false&#8221; svg_top_position=&#8221;0&#8243; svg_top_color1=&#8221;#ffffff&#8221; svg_top_color2=&#8221;#ededed&#8221; svg_bottom_on=&#8221;false&#8221; svg_bottom_style=&#8221;1&#8243; svg_bottom_height=&#8221;100&#8243; svg_bottom_flip=&#8221;false&#8221; svg_bottom_position=&#8221;0&#8243; svg_bottom_color1=&#8221;#ffffff&#8221; svg_bottom_color2=&#8221;#ededed&#8221; ts_row_raster_use=&#8221;false&#8221; ts_row_raster_type=&#8221;transparent&#8221; ts_row_overlay_use=&#8221;false&#8221; ts_row_overlay_color=&#8221;rgba(30,115,190,0.25)&#8221; animation_scroll=&#8221;false&#8221; animation_speed=&#8221;2000&#8243; show_large=&#8221;true&#8221; show_medium=&#8221;true&#8221; show_small=&#8221;true&#8221; show_extra=&#8221;true&#8221; show_remove=&#8221;true&#8221; el_class=&#8221;reorder-xs icons-info&#8221; css=&#8221;.vc_custom_1551440226427{padding-top: 50px !important;padding-right: 20px !important;padding-left: 20px !important;background-color: #ffffff !important;}&#8221;][vc_column width=&#8221;1\/3&#8243; css=&#8221;.vc_custom_1552908023347{padding-top: 7% !important;padding-right: 7% !important;padding-bottom: 7% !important;padding-left: 7% !important;background-position: center !important;background-repeat: no-repeat !important;background-size: cover !important;}&#8221; animation_scroll=&#8221;false&#8221; animation_speed=&#8221;2000&#8243; offset=&#8221;vc_col-lg-4 vc_col-xs-12&#8243; el_class=&#8221;some-options&#8221;]\n        <div class=\"calluna-icon-box clr calluna-icon-box-one align-center\">\n                            <div class=\"calluna-icon-box-one-icon calluna-icon-box-icon\"  style=\"color:#194c71;border-radius:12px;\">\n                                            <span class=\"fa fa-home\"><\/span>\n                                    <\/div>\n                            <h3 class=\"calluna-icon-box-one-heading \" style=color:#194c71;font-size:22px;>\n                    Perch\u00e9 l\u2019ostello Anastasia\u2019s Garden                <\/h3>\n                            <div class=\"calluna-icon-box-one-content clr\">\n                    <p class=\"p1\"><span class=\"s1\">Perch\u00e9 \u00e8 a due passi dalla spiaggia. <\/span><\/p>\n<p class=\"p1\"><span class=\"s1\">Perch\u00e9 la vista \u00e8 soprendente da qualsiasi parte. <\/span><\/p>\n<p class=\"p1\"><span class=\"s1\">Per la comodit\u00e0 e la tranquillit\u00e0 lontano da rumori, moto e macchine. Perch\u00e9 si trova vicino a ristoranti, supermarket e fermata dell\u2019autobus. Ideale per famiglie con bambini.<\/span><\/p>\n                <\/div>\n                    <\/div>\n        \n        [\/vc_column][vc_column width=&#8221;1\/3&#8243; css=&#8221;.vc_custom_1552907994113{background-position: center !important;background-repeat: no-repeat !important;background-size: cover !important;}&#8221; el_class=&#8221;some-options&#8221;]\n        <div class=\"calluna-icon-box clr calluna-icon-box-one align-center\">\n                            <div class=\"calluna-icon-box-one-icon calluna-icon-box-icon\"  style=\"color:#194c71;border-radius:12px;\">\n                                            <span class=\"fa fa-history\"><\/span>\n                                    <\/div>\n                            <h3 class=\"calluna-icon-box-one-heading \" style=color:#194c71;font-size:22px;>\n                    Posto unico                <\/h3>\n                            <div class=\"calluna-icon-box-one-content clr\">\n                    <p class=\"p1\"><span class=\"s1\">La pensione si trova in un posto a forma di anfiteatro pieno di verde; olivi, alberi da frutto e fiori. Tutti gli appartamenti dispongono di verande con splendide viste.<\/span><\/p>\n                <\/div>\n                    <\/div>\n        \n        [\/vc_column][vc_column width=&#8221;1\/3&#8243; css=&#8221;.vc_custom_1552908000097{background-position: center !important;background-repeat: no-repeat !important;background-size: cover !important;}&#8221; el_class=&#8221;some-options&#8221;]\n        <div class=\"calluna-icon-box clr calluna-icon-box-one align-center\">\n                            <div class=\"calluna-icon-box-one-icon calluna-icon-box-icon\"  style=\"color:#194c71;border-radius:12px;\">\n                                            <span class=\"fa fa-key\"><\/span>\n                                    <\/div>\n                            <h3 class=\"calluna-icon-box-one-heading \" style=color:#194c71;font-size:22px;>\n                    Servizi e Pulizia                <\/h3>\n                            <div class=\"calluna-icon-box-one-content clr\">\n                    <p class=\"p1\"><span class=\"s1\">Gli accoglienti proprietari e il volentieroso personale, sempre gentili e sorridenti, sono sempre pronti ad aiutarvi in tutto ci\u00f2 che vorrete e a darvi tutte le informazioni di cui avrete bisogno.<\/span><\/p>\n                <\/div>\n                    <\/div>\n        \n        [\/vc_column][\/vc_row]\n","protected":false},"excerpt":{"rendered":"<p>[vc_row full_width=&#8221;stretch_row&#8221; equal_height_columns=&#8221;no&#8221; css=&#8221;.vc_custom_1455828471106{padding-top: 7% !important;padding-bottom: 7% !important;}&#8221;][vc_column width=&#8221;1\/2&#8243; css=&#8221;.vc_custom_1439194190582{background-color: #ffffff !important;}&#8221;][vc_column_text el_class=&#8221;separator&#8221;] Fatta secondo l\u2019architettura dell\u2019isola e con vista panoramica, Anastasia\u2019s Garden \u00e8 costruita su un posto a forma di anfiteatro, uno dei posti pi\u00f9 pittoreschi dell\u2019isola, vicino alla spiaggia Stegna, con mare limpido e sabbia splendida. In un luogo tranquillo e pieno di [&hellip;]<\/p>\n","protected":false},"author":2,"featured_media":0,"parent":0,"menu_order":0,"comment_status":"closed","ping_status":"closed","template":"","meta":{"footnotes":""},"yoast_head":"<!-- This site is optimized with the Yoast SEO plugin v23.5 - https:\/\/yoast.com\/wordpress\/plugins\/seo\/ -->\n<title>La pensione - Anastasia&#039;s Garden<\/title>\n<meta name=\"robots\" content=\"index, follow, max-snippet:-1, max-image-preview:large, max-video-preview:-1\" \/>\n<link rel=\"canonical\" href=\"https:\/\/www.anastasiasgarden.gr\/it\/la-pensione\/\" \/>\n<meta property=\"og:locale\" content=\"it_IT\" \/>\n<meta property=\"og:type\" content=\"article\" \/>\n<meta property=\"og:title\" content=\"La pensione - Anastasia&#039;s Garden\" \/>\n<meta property=\"og:description\" content=\"[vc_row full_width=&#8221;stretch_row&#8221; equal_height_columns=&#8221;no&#8221; css=&#8221;.vc_custom_1455828471106{padding-top: 7% !important;padding-bottom: 7% !important;}&#8221;][vc_column width=&#8221;1\/2&#8243; css=&#8221;.vc_custom_1439194190582{background-color: #ffffff !important;}&#8221;][vc_column_text el_class=&#8221;separator&#8221;] Fatta secondo l\u2019architettura dell\u2019isola e con vista panoramica, Anastasia\u2019s Garden \u00e8 costruita su un posto a forma di anfiteatro, uno dei posti pi\u00f9 pittoreschi dell\u2019isola, vicino alla spiaggia Stegna, con mare limpido e sabbia splendida. In un luogo tranquillo e pieno di [&hellip;]\" \/>\n<meta property=\"og:url\" content=\"https:\/\/www.anastasiasgarden.gr\/it\/la-pensione\/\" \/>\n<meta property=\"og:site_name\" content=\"Anastasia&#039;s Garden\" \/>\n<meta property=\"article:modified_time\" content=\"2024-01-07T16:07:55+00:00\" \/>\n<meta property=\"og:image\" content=\"https:\/\/www.anastasiasgarden.gr\/wp-content\/uploads\/2024\/01\/\u03a4\u03a3\u0391\u039c\u03a0\u0399\u039a\u0391-\u03a3\u03a4\u0395\u0393\u039d\u0391-32-of-72-scaled.jpg\" \/>\n\t<meta property=\"og:image:width\" content=\"2560\" \/>\n\t<meta property=\"og:image:height\" content=\"1707\" \/>\n\t<meta property=\"og:image:type\" content=\"image\/jpeg\" \/>\n<meta name=\"twitter:card\" content=\"summary_large_image\" \/>\n<meta name=\"twitter:label1\" content=\"Tempo di lettura stimato\" \/>\n\t<meta name=\"twitter:data1\" content=\"5 minuti\" \/>\n<script type=\"application\/ld+json\" class=\"yoast-schema-graph\">{\"@context\":\"https:\/\/schema.org\",\"@graph\":[{\"@type\":\"WebPage\",\"@id\":\"https:\/\/www.anastasiasgarden.gr\/it\/la-pensione\/\",\"url\":\"https:\/\/www.anastasiasgarden.gr\/it\/la-pensione\/\",\"name\":\"La pensione - Anastasia&#039;s Garden\",\"isPartOf\":{\"@id\":\"https:\/\/www.anastasiasgarden.gr\/el\/#website\"},\"datePublished\":\"2019-03-12T13:57:04+00:00\",\"dateModified\":\"2024-01-07T16:07:55+00:00\",\"breadcrumb\":{\"@id\":\"https:\/\/www.anastasiasgarden.gr\/it\/la-pensione\/#breadcrumb\"},\"inLanguage\":\"it-IT\",\"potentialAction\":[{\"@type\":\"ReadAction\",\"target\":[\"https:\/\/www.anastasiasgarden.gr\/it\/la-pensione\/\"]}]},{\"@type\":\"BreadcrumbList\",\"@id\":\"https:\/\/www.anastasiasgarden.gr\/it\/la-pensione\/#breadcrumb\",\"itemListElement\":[{\"@type\":\"ListItem\",\"position\":1,\"name\":\"Home\",\"item\":\"https:\/\/www.anastasiasgarden.gr\/it\/\"},{\"@type\":\"ListItem\",\"position\":2,\"name\":\"La pensione\"}]},{\"@type\":\"WebSite\",\"@id\":\"https:\/\/www.anastasiasgarden.gr\/el\/#website\",\"url\":\"https:\/\/www.anastasiasgarden.gr\/el\/\",\"name\":\"Anastasia\u2019s Garden\",\"description\":\"\u039e\u03b5\u03bd\u03ce\u03bd\u03b1\u03c2 \u03ba\u03b1\u03b9 \u0395\u03bd\u03bf\u03b9\u03ba\u03b9\u03b1\u03b6\u03cc\u03bc\u03b5\u03bd\u03b1 \u0394\u03c9\u03bc\u03ac\u03c4\u03b9\u03b1\",\"publisher\":{\"@id\":\"https:\/\/www.anastasiasgarden.gr\/el\/#organization\"},\"potentialAction\":[{\"@type\":\"SearchAction\",\"target\":{\"@type\":\"EntryPoint\",\"urlTemplate\":\"https:\/\/www.anastasiasgarden.gr\/el\/?s={search_term_string}\"},\"query-input\":{\"@type\":\"PropertyValueSpecification\",\"valueRequired\":true,\"valueName\":\"search_term_string\"}}],\"inLanguage\":\"it-IT\"},{\"@type\":\"Organization\",\"@id\":\"https:\/\/www.anastasiasgarden.gr\/el\/#organization\",\"name\":\"Anastasia's Garden\",\"url\":\"https:\/\/www.anastasiasgarden.gr\/el\/\",\"logo\":{\"@type\":\"ImageObject\",\"inLanguage\":\"it-IT\",\"@id\":\"https:\/\/www.anastasiasgarden.gr\/el\/#\/schema\/logo\/image\/\",\"url\":\"https:\/\/www.anastasiasgarden.gr\/wp-content\/uploads\/2024\/01\/\u03a4\u03a3\u0391\u039c\u03a0\u0399\u039a\u0391-\u03a3\u03a4\u0395\u0393\u039d\u0391-32-of-72-scaled.jpg\",\"contentUrl\":\"https:\/\/www.anastasiasgarden.gr\/wp-content\/uploads\/2024\/01\/\u03a4\u03a3\u0391\u039c\u03a0\u0399\u039a\u0391-\u03a3\u03a4\u0395\u0393\u039d\u0391-32-of-72-scaled.jpg\",\"width\":2560,\"height\":1707,\"caption\":\"Anastasia's Garden\"},\"image\":{\"@id\":\"https:\/\/www.anastasiasgarden.gr\/el\/#\/schema\/logo\/image\/\"}}]}<\/script>\n<!-- \/ Yoast SEO plugin. -->","yoast_head_json":{"title":"La pensione - Anastasia&#039;s Garden","robots":{"index":"index","follow":"follow","max-snippet":"max-snippet:-1","max-image-preview":"max-image-preview:large","max-video-preview":"max-video-preview:-1"},"canonical":"https:\/\/www.anastasiasgarden.gr\/it\/la-pensione\/","og_locale":"it_IT","og_type":"article","og_title":"La pensione - Anastasia&#039;s Garden","og_description":"[vc_row full_width=&#8221;stretch_row&#8221; equal_height_columns=&#8221;no&#8221; css=&#8221;.vc_custom_1455828471106{padding-top: 7% !important;padding-bottom: 7% !important;}&#8221;][vc_column width=&#8221;1\/2&#8243; css=&#8221;.vc_custom_1439194190582{background-color: #ffffff !important;}&#8221;][vc_column_text el_class=&#8221;separator&#8221;] Fatta secondo l\u2019architettura dell\u2019isola e con vista panoramica, Anastasia\u2019s Garden \u00e8 costruita su un posto a forma di anfiteatro, uno dei posti pi\u00f9 pittoreschi dell\u2019isola, vicino alla spiaggia Stegna, con mare limpido e sabbia splendida. In un luogo tranquillo e pieno di [&hellip;]","og_url":"https:\/\/www.anastasiasgarden.gr\/it\/la-pensione\/","og_site_name":"Anastasia&#039;s Garden","article_modified_time":"2024-01-07T16:07:55+00:00","og_image":[{"width":2560,"height":1707,"url":"https:\/\/www.anastasiasgarden.gr\/wp-content\/uploads\/2024\/01\/\u03a4\u03a3\u0391\u039c\u03a0\u0399\u039a\u0391-\u03a3\u03a4\u0395\u0393\u039d\u0391-32-of-72-scaled.jpg","type":"image\/jpeg"}],"twitter_card":"summary_large_image","twitter_misc":{"Tempo di lettura stimato":"5 minuti"},"schema":{"@context":"https:\/\/schema.org","@graph":[{"@type":"WebPage","@id":"https:\/\/www.anastasiasgarden.gr\/it\/la-pensione\/","url":"https:\/\/www.anastasiasgarden.gr\/it\/la-pensione\/","name":"La pensione - Anastasia&#039;s Garden","isPartOf":{"@id":"https:\/\/www.anastasiasgarden.gr\/el\/#website"},"datePublished":"2019-03-12T13:57:04+00:00","dateModified":"2024-01-07T16:07:55+00:00","breadcrumb":{"@id":"https:\/\/www.anastasiasgarden.gr\/it\/la-pensione\/#breadcrumb"},"inLanguage":"it-IT","potentialAction":[{"@type":"ReadAction","target":["https:\/\/www.anastasiasgarden.gr\/it\/la-pensione\/"]}]},{"@type":"BreadcrumbList","@id":"https:\/\/www.anastasiasgarden.gr\/it\/la-pensione\/#breadcrumb","itemListElement":[{"@type":"ListItem","position":1,"name":"Home","item":"https:\/\/www.anastasiasgarden.gr\/it\/"},{"@type":"ListItem","position":2,"name":"La pensione"}]},{"@type":"WebSite","@id":"https:\/\/www.anastasiasgarden.gr\/el\/#website","url":"https:\/\/www.anastasiasgarden.gr\/el\/","name":"Anastasia\u2019s Garden","description":"\u039e\u03b5\u03bd\u03ce\u03bd\u03b1\u03c2 \u03ba\u03b1\u03b9 \u0395\u03bd\u03bf\u03b9\u03ba\u03b9\u03b1\u03b6\u03cc\u03bc\u03b5\u03bd\u03b1 \u0394\u03c9\u03bc\u03ac\u03c4\u03b9\u03b1","publisher":{"@id":"https:\/\/www.anastasiasgarden.gr\/el\/#organization"},"potentialAction":[{"@type":"SearchAction","target":{"@type":"EntryPoint","urlTemplate":"https:\/\/www.anastasiasgarden.gr\/el\/?s={search_term_string}"},"query-input":{"@type":"PropertyValueSpecification","valueRequired":true,"valueName":"search_term_string"}}],"inLanguage":"it-IT"},{"@type":"Organization","@id":"https:\/\/www.anastasiasgarden.gr\/el\/#organization","name":"Anastasia's Garden","url":"https:\/\/www.anastasiasgarden.gr\/el\/","logo":{"@type":"ImageObject","inLanguage":"it-IT","@id":"https:\/\/www.anastasiasgarden.gr\/el\/#\/schema\/logo\/image\/","url":"https:\/\/www.anastasiasgarden.gr\/wp-content\/uploads\/2024\/01\/\u03a4\u03a3\u0391\u039c\u03a0\u0399\u039a\u0391-\u03a3\u03a4\u0395\u0393\u039d\u0391-32-of-72-scaled.jpg","contentUrl":"https:\/\/www.anastasiasgarden.gr\/wp-content\/uploads\/2024\/01\/\u03a4\u03a3\u0391\u039c\u03a0\u0399\u039a\u0391-\u03a3\u03a4\u0395\u0393\u039d\u0391-32-of-72-scaled.jpg","width":2560,"height":1707,"caption":"Anastasia's Garden"},"image":{"@id":"https:\/\/www.anastasiasgarden.gr\/el\/#\/schema\/logo\/image\/"}}]}},"_links":{"self":[{"href":"https:\/\/www.anastasiasgarden.gr\/it\/wp-json\/wp\/v2\/pages\/3520"}],"collection":[{"href":"https:\/\/www.anastasiasgarden.gr\/it\/wp-json\/wp\/v2\/pages"}],"about":[{"href":"https:\/\/www.anastasiasgarden.gr\/it\/wp-json\/wp\/v2\/types\/page"}],"author":[{"embeddable":true,"href":"https:\/\/www.anastasiasgarden.gr\/it\/wp-json\/wp\/v2\/users\/2"}],"replies":[{"embeddable":true,"href":"https:\/\/www.anastasiasgarden.gr\/it\/wp-json\/wp\/v2\/comments?post=3520"}],"version-history":[{"count":15,"href":"https:\/\/www.anastasiasgarden.gr\/it\/wp-json\/wp\/v2\/pages\/3520\/revisions"}],"predecessor-version":[{"id":4985,"href":"https:\/\/www.anastasiasgarden.gr\/it\/wp-json\/wp\/v2\/pages\/3520\/revisions\/4985"}],"wp:attachment":[{"href":"https:\/\/www.anastasiasgarden.gr\/it\/wp-json\/wp\/v2\/media?parent=3520"}],"curies":[{"name":"wp","href":"https:\/\/api.w.org\/{rel}","templated":true}]}}